{"id":313483,"date":"2020-11-16T22:42:00","date_gmt":"2020-11-16T21:42:00","guid":{"rendered":"https:\/\/www.dardel.com\/magasin\/"},"modified":"2025-08-09T13:46:43","modified_gmt":"2025-08-09T11:46:43","slug":"magasin","status":"publish","type":"page","link":"https:\/\/www.dardel.com\/en\/magasin\/","title":{"rendered":"Magasin"},"content":{"rendered":"<section class=\"wpb-content-wrapper\"><section data-vc-full-width=\"true\" data-vc-full-width-init=\"false\" class=\"vc_row wpb_row vc_row-fluid  vc_custom_1605569353735   top-space fix-background bg-position-center-center vc_row-has-fill hongo-stretch-content hongo-stretch-row-container vc_row-o-full-height vc_row-o-columns-middle vc_row-o-equal-height vc_row-o-content-middle vc_row-flex\"><div class=\"hongo-overlay\" style=\"opacity:0.7; background: #000000;\"><\/div><div class=\"wpb_column vc_column_container vc_col-has-fill col-xs-mobile-fullwidth vc_col-sm-6 vc_col-lg-5 vc_col-md-5\"><div class=\"vc_column-inner vc_custom_1605568103837\"><div class=\"wpb_wrapper\"><div class=\"alt-font heading-style-2 vc_custom_1605568542816 heading-1 hongo-section-heading hongo_font_1605568542815\">BOUTIQUE <br \/> <strong>SHOW ROOM<\/strong><\/div><div class=\"alt-font display-inline-block md-display-inline-block sm-display-inline-block xs-display-inline-block heading-style-2 vc_custom_1605568579926 heading-2 hongo-section-heading hongo_font_1605568579925\">11 rue Portefoin, 75003 Paris<\/div><\/div><\/div><\/div><div class=\"wpb_column vc_column_container vc_col-has-fill col-xs-mobile-fullwidth vc_col-sm-6 vc_col-lg-7 vc_col-md-7\"><div class=\"vc_column-inner vc_custom_1605568260288  hongo_responsive_1605568260292\"><div class=\"wpb_wrapper\"><div class=\"text-block-content hongo-text-block-1 last-paragraph-no-margin\"><p>Localis\u00e9 en plein c\u0153ur de Paris, dans le\u00a0<strong>3\u00e8me arrondissement<\/strong>, notre magasin vous permet de d\u00e9couvrir l\u2019univers de Dardel et ses multiples cr\u00e9ations.<\/p>\n<p>C\u2019est l\u2019un des tr\u00e8s rares\u00a0<strong>endroits \u00e0 Paris<\/strong>, o\u00f9 vous pouvez vous fournir en \u00e9crins pour bijoux et montres, en coffrets pour bijoux et montres, en pr\u00e9sentoirs, pochettes et sacs, et ce, sans minimum de quantit\u00e9 avec une grande disponibilit\u00e9 de stocks ou sur fabrication avec des d\u00e9lais relativement cours.<\/p>\n<p>L\u2019un de nos commerciaux peut vous recevoir sur\u00a0<strong>rendez-vous<\/strong>\u00a0pour que vous puissiez y pr\u00e9senter et d\u00e9poser vos projets personnalis\u00e9s, qui seront \u00e9tudi\u00e9s par nos bureaux d\u2019\u00e9tude situ\u00e9s en r\u00e9gion Parisienne.<\/p>\n<\/div><\/div><\/div><\/div><\/section><div class=\"vc_row-full-width vc_clearfix\"><\/div><section data-vc-full-width=\"true\" data-vc-full-width-init=\"false\" class=\"vc_row wpb_row vc_row-fluid  vc_custom_1605603501899   fix-background bg-position-center-center hongo-row-min-height wow fadeIn vc_row-has-fill hongo-stretch-content hongo-stretch-row-container  hongo_responsive_1605603501903\" style=\"min-height: 650px;\"><div class=\"hongo-overlay\" style=\"opacity:0.5; background: #000000;z-index:0; \"><\/div><div class=\"wpb_column vc_column_container col-xs-mobile-fullwidth vc_col-sm-12\"><div class=\"vc_column-inner\"><div class=\"wpb_wrapper\"><\/div><\/div><\/div><\/section><div class=\"vc_row-full-width vc_clearfix\"><\/div><section data-vc-full-width=\"true\" data-vc-full-width-init=\"false\" data-vc-stretch-content=\"true\" class=\"vc_row wpb_row vc_row-fluid  vc_custom_1605570423081   hongo-stretch-content hongo-stretch-content-fluid vc_row-o-equal-height vc_row-o-content-bottom vc_row-flex  hongo_responsive_1605570423085\"><div class=\"wpb_column vc_column_container vc_col-has-fill col-xs-mobile-fullwidth vc_col-sm-12 vc_col-lg-8 vc_col-md-12 wow fadeInLeft\" data-wow-duration= 1200ms><div class=\"vc_column-inner vc_custom_1564394273294  hongo_responsive_1564394273297\"><div class=\"wpb_wrapper\"><div class=\"vc_row wpb_row vc_inner vc_row-fluid\"><div class=\"wpb_column vc_column_container col-xs-mobile-fullwidth vc_col-sm-5 wow fadeInLeft\" data-wow-duration= 1200ms><div class=\"vc_column-inner  hongo_responsive_1570707732269\"><div class=\"wpb_wrapper\"><div class=\"alt-font heading-style-1 vc_custom_1605569279125 heading-3 hongo-section-heading hongo_font_1605569279124\">VENEZ NOUS RENCONTRER<\/div><div class=\"hongo-featurebox-wrap hongo-product-featurebox vc_custom_1605568748605  hongo_responsive_1605568748608 icon-text-style-4 equal_height_disable icon_text4-1\"><div class=\"hongo-featurebox-wrapper\"><div class=\"hongo-featurebox-img\"><i class=\"base-color fas fa-map-marker-alt icon-medium\"><\/i><\/div><div class=\"hongo-featurebox-text hongo_font_1605568748595 alt-font\">Adresse<\/div><div class=\"sub-title hongo_font_1605568748598\">11 rue Portefoin, 75003 Paris<\/div><\/div><\/div><div class=\"hongo-featurebox-wrap hongo-product-featurebox vc_custom_1605566736069  hongo_responsive_1605566736073 icon-text-style-4 equal_height_disable icon_text4-2\"><div class=\"hongo-featurebox-wrapper\"><div class=\"hongo-featurebox-img\"><i class=\"base-color fas fa-phone-alt icon-medium\"><\/i><\/div><div class=\"hongo-featurebox-text hongo_font_1605566736057 alt-font\">T\u00e9l\u00e9phone<\/div><div class=\"sub-title hongo_font_1605566736061\">01 42 78 08 19<\/div><\/div><\/div><div class=\"hongo-featurebox-wrap hongo-product-featurebox vc_custom_1605604298139  hongo_responsive_1605604298143 icon-text-style-4 equal_height_disable icon_text4-3\"><div class=\"hongo-featurebox-wrapper\"><div class=\"hongo-featurebox-img\"><i class=\"base-color fas fa-envelope icon-medium\"><\/i><\/div><div class=\"hongo-featurebox-text hongo_font_1605604298127 alt-font\">Email<\/div><div class=\"sub-title hongo_font_1605604298133\">boutique.paris@dardel.com<\/div><\/div><\/div><div class=\"hongo-featurebox-wrap hongo-product-featurebox vc_custom_1605604308638  hongo_responsive_1605604308642 icon-text-style-4 equal_height_disable icon_text4-4\"><div class=\"hongo-featurebox-wrapper\"><div class=\"hongo-featurebox-img\"><i class=\"base-color fas fa-clock icon-medium\"><\/i><\/div><div class=\"hongo-featurebox-text hongo_font_1605604308628 alt-font\">Horaires<\/div><div class=\"sub-title hongo_font_1605604308632\"><strong>Lundi au jeudi<\/strong> <br \/> 9h00-12h00 et 13h00-17h45 <br \/> <strong>Vendredi<\/strong> <br \/> 9h00-12h30 et 13h30-16h00<\/div><\/div><\/div><\/div><\/div><\/div><div class=\"wpb_column vc_column_container col-xs-mobile-fullwidth vc_col-sm-7 wow fadeInLeft\" data-wow-duration= 1200ms><div class=\"vc_column-inner vc_custom_1694613113371  hongo_responsive_1694613113372\"><div class=\"wpb_wrapper\"><div class=\"alt-font heading-style-1 vc_custom_1605568707324 heading-4 hongo-section-heading hongo_font_1605568707323\">Une question, une demande?<\/div>\n<div class=\"wpcf7 no-js\" id=\"wpcf7-f9658-o1\" lang=\"fr-FR\" dir=\"ltr\" data-wpcf7-id=\"9658\">\n<div class=\"screen-reader-response\"><p role=\"status\" aria-live=\"polite\" aria-atomic=\"true\"><\/p> <ul><\/ul><\/div>\n<form action=\"\/en\/wp-json\/wp\/v2\/pages\/313483#wpcf7-f9658-o1\" method=\"post\" class=\"wpcf7-form init\" aria-label=\"Formulaire de contact\" novalidate=\"novalidate\" data-status=\"init\">\n<fieldset class=\"hidden-fields-container\"><input type=\"hidden\" name=\"_wpcf7\" value=\"9658\" \/><input type=\"hidden\" name=\"_wpcf7_version\" value=\"6.1.1\" \/><input type=\"hidden\" name=\"_wpcf7_locale\" value=\"fr_FR\" \/><input type=\"hidden\" name=\"_wpcf7_unit_tag\" value=\"wpcf7-f9658-o1\" \/><input type=\"hidden\" name=\"_wpcf7_container_post\" value=\"0\" \/><input type=\"hidden\" name=\"_wpcf7_posted_data_hash\" value=\"\" \/><input type=\"hidden\" name=\"_wpcf7_recaptcha_response\" value=\"\" \/>\n<\/fieldset>\n<div class=\"hongo-contact-form-style-1\">\n\t<p><span class=\"wpcf7-form-control-wrap\" data-name=\"contact-company\"><input size=\"40\" maxlength=\"400\" class=\"wpcf7-form-control wpcf7-text wpcf7-validates-as-required\" aria-required=\"true\" aria-invalid=\"false\" placeholder=\"Nom d\u2019entreprise ou N\u00b0 Siret*\" value=\"\" type=\"text\" name=\"contact-company\" \/><\/span><br \/>\n<span class=\"wpcf7-form-control-wrap\" data-name=\"contact-name\"><input size=\"40\" maxlength=\"400\" class=\"wpcf7-form-control wpcf7-text wpcf7-validates-as-required\" aria-required=\"true\" aria-invalid=\"false\" placeholder=\"Nom du contact*\" value=\"\" type=\"text\" name=\"contact-name\" \/><\/span><br \/>\n<span class=\"wpcf7-form-control-wrap\" data-name=\"contact-email\"><input size=\"40\" maxlength=\"400\" class=\"wpcf7-form-control wpcf7-email wpcf7-validates-as-required wpcf7-text wpcf7-validates-as-email\" aria-required=\"true\" aria-invalid=\"false\" placeholder=\"E-mail*\" value=\"\" type=\"email\" name=\"contact-email\" \/><\/span><br \/>\n<span class=\"wpcf7-form-control-wrap\" data-name=\"contact-city\"><input size=\"40\" maxlength=\"400\" class=\"wpcf7-form-control wpcf7-text wpcf7-validates-as-required\" aria-required=\"true\" aria-invalid=\"false\" placeholder=\"Ville \/ Pays*\" value=\"\" type=\"text\" name=\"contact-city\" \/><\/span><br \/>\n<span class=\"wpcf7-form-control-wrap\" data-name=\"contact-message\"><textarea cols=\"40\" rows=\"3\" maxlength=\"2000\" class=\"wpcf7-form-control wpcf7-textarea\" aria-invalid=\"false\" placeholder=\"Message\" name=\"contact-message\"><\/textarea><\/span><br \/>\n<div id=\"cf7sr-69f269380e270\" class=\"cf7sr-g-recaptcha\" data-theme=\"light\" data-type=\"image\" data-size=\"normal\" data-sitekey=\"6LdLbXYgAAAAAE8xKYobY26bAGrevhKR4mxjtWHC\"><\/div><span class=\"wpcf7-form-control-wrap cf7sr-recaptcha\" data-name=\"cf7sr-recaptcha\"><input type=\"hidden\" name=\"cf7sr-recaptcha\" value=\"\" class=\"wpcf7-form-control\"><\/span><br \/>\n<input class=\"wpcf7-form-control wpcf7-submit has-spinner btn btn-small alt-font\" type=\"submit\" value=\"ENVOYER\" \/>\n\t<\/p>\n<\/div><div class=\"wpcf7-response-output\" aria-hidden=\"true\"><\/div>\n<\/form>\n<\/div>\n<\/div><\/div><\/div><\/div><\/div><\/div><\/div><div class=\"wpb_column vc_column_container col-xs-mobile-fullwidth vc_col-sm-12 vc_col-lg-4 vc_col-md-12 wow fadeInRight\" data-wow-delay= 300ms data-wow-duration= 1200ms><div class=\"vc_column-inner  hongo_responsive_1605574566435\"><div class=\"wpb_wrapper\"><div class=\"vc_row wpb_row vc_inner vc_row-fluid  vc_custom_1605604154542 vc_row-has-fill bg-position-center-center\"><div class=\"wpb_column vc_column_container col-xs-mobile-fullwidth vc_col-sm-12\"><div class=\"vc_column-inner vc_custom_1605575224628\"><div class=\"wpb_wrapper\"><div class=\"alt-font heading-style-1 heading-5 hongo-section-heading hongo_font_1605575040249\">Disponible en Magasin<\/div><div id=\"product-slider-1\" class=\"woocommerce swiper-container product-slider-style-2 product-slider-1 white-move  pagination-bottom-space\"><div class=\"swiper-wrapper\"><div class=\"swiper-slide\"><div class=\"product-thumb-wrap\"><a href=\"https:\/\/www.dardel.com\/en\/catalogue\/ecrins-a-bijoux\/serie-68-forme-savonnette-en-veritable-daim\/collier-18-x-20\/\"><img loading=\"lazy\" decoding=\"async\" width=\"800\" height=\"800\" src=\"https:\/\/www.dardel.com\/wp-content\/uploads\/2020\/11\/6822-int-clematite-sat-rose-clair-ext-clematite-800x800.png\" class=\" image\" alt=\"\" title=\"\" srcset=\"https:\/\/www.dardel.com\/wp-content\/uploads\/2020\/11\/6822-int-clematite-sat-rose-clair-ext-clematite-800x800.png 800w, https:\/\/www.dardel.com\/wp-content\/uploads\/2020\/11\/6822-int-clematite-sat-rose-clair-ext-clematite-300x300.png 300w, https:\/\/www.dardel.com\/wp-content\/uploads\/2020\/11\/6822-int-clematite-sat-rose-clair-ext-clematite-150x150.png 150w, https:\/\/www.dardel.com\/wp-content\/uploads\/2020\/11\/6822-int-clematite-sat-rose-clair-ext-clematite-768x768.png 768w, https:\/\/www.dardel.com\/wp-content\/uploads\/2020\/11\/6822-int-clematite-sat-rose-clair-ext-clematite-64x64.png 64w, https:\/\/www.dardel.com\/wp-content\/uploads\/2020\/11\/6822-int-clematite-sat-rose-clair-ext-clematite-84x84.png 84w, https:\/\/www.dardel.com\/wp-content\/uploads\/2020\/11\/6822-int-clematite-sat-rose-clair-ext-clematite-200x200.png 200w, https:\/\/www.dardel.com\/wp-content\/uploads\/2020\/11\/6822-int-clematite-sat-rose-clair-ext-clematite-450x450.png 450w, https:\/\/www.dardel.com\/wp-content\/uploads\/2020\/11\/6822-int-clematite-sat-rose-clair-ext-clematite-790x790.png 790w, https:\/\/www.dardel.com\/wp-content\/uploads\/2020\/11\/6822-int-clematite-sat-rose-clair-ext-clematite-100x100.png 100w, https:\/\/www.dardel.com\/wp-content\/uploads\/2020\/11\/6822-int-clematite-sat-rose-clair-ext-clematite.png 1000w\" sizes=\"auto, (max-width: 800px) 100vw, 800px\" \/><\/a><div class=\"product-bottom-wrap\"><div class=\"shop-buttons-wrap product-buttons-wrap\" data-tooltip-position=\"top\"><\/div><div class=\"shop-price-rating-wrap\"><\/div><\/div><\/div><\/div><div class=\"swiper-slide\"><div class=\"product-thumb-wrap\"><a href=\"https:\/\/www.dardel.com\/en\/catalogue\/ecrins-a-bijoux\/serie-68-forme-savonnette-en-veritable-daim\/vide-poche-8x8\/\"><img loading=\"lazy\" decoding=\"async\" width=\"800\" height=\"800\" src=\"https:\/\/www.dardel.com\/wp-content\/uploads\/2020\/11\/6806-int-clematite-sat-rose-clair-ext-clematite-800x800.png\" class=\" image\" alt=\"\" title=\"\" srcset=\"https:\/\/www.dardel.com\/wp-content\/uploads\/2020\/11\/6806-int-clematite-sat-rose-clair-ext-clematite-800x800.png 800w, https:\/\/www.dardel.com\/wp-content\/uploads\/2020\/11\/6806-int-clematite-sat-rose-clair-ext-clematite-300x300.png 300w, https:\/\/www.dardel.com\/wp-content\/uploads\/2020\/11\/6806-int-clematite-sat-rose-clair-ext-clematite-150x150.png 150w, https:\/\/www.dardel.com\/wp-content\/uploads\/2020\/11\/6806-int-clematite-sat-rose-clair-ext-clematite-768x768.png 768w, https:\/\/www.dardel.com\/wp-content\/uploads\/2020\/11\/6806-int-clematite-sat-rose-clair-ext-clematite-64x64.png 64w, https:\/\/www.dardel.com\/wp-content\/uploads\/2020\/11\/6806-int-clematite-sat-rose-clair-ext-clematite-84x84.png 84w, https:\/\/www.dardel.com\/wp-content\/uploads\/2020\/11\/6806-int-clematite-sat-rose-clair-ext-clematite-200x200.png 200w, https:\/\/www.dardel.com\/wp-content\/uploads\/2020\/11\/6806-int-clematite-sat-rose-clair-ext-clematite-450x450.png 450w, https:\/\/www.dardel.com\/wp-content\/uploads\/2020\/11\/6806-int-clematite-sat-rose-clair-ext-clematite-790x790.png 790w, https:\/\/www.dardel.com\/wp-content\/uploads\/2020\/11\/6806-int-clematite-sat-rose-clair-ext-clematite-100x100.png 100w, https:\/\/www.dardel.com\/wp-content\/uploads\/2020\/11\/6806-int-clematite-sat-rose-clair-ext-clematite.png 1000w\" sizes=\"auto, (max-width: 800px) 100vw, 800px\" \/><\/a><div class=\"product-bottom-wrap\"><div class=\"shop-buttons-wrap product-buttons-wrap\" data-tooltip-position=\"top\"><\/div><div class=\"shop-price-rating-wrap\"><\/div><\/div><\/div><\/div><div class=\"swiper-slide\"><div class=\"product-thumb-wrap\"><a href=\"https:\/\/www.dardel.com\/en\/catalogue\/ecrins-a-bijoux\/serie-68-forme-savonnette-en-veritable-daim\/bague-savonnette-patte-6864\/\"><img loading=\"lazy\" decoding=\"async\" width=\"800\" height=\"800\" src=\"https:\/\/www.dardel.com\/wp-content\/uploads\/2019\/04\/6864-int-clematite-sat-rose-clair-ext-clematite-800x800.png\" class=\" image\" alt=\"\" title=\"\" srcset=\"https:\/\/www.dardel.com\/wp-content\/uploads\/2019\/04\/6864-int-clematite-sat-rose-clair-ext-clematite-800x800.png 800w, https:\/\/www.dardel.com\/wp-content\/uploads\/2019\/04\/6864-int-clematite-sat-rose-clair-ext-clematite-300x300.png 300w, https:\/\/www.dardel.com\/wp-content\/uploads\/2019\/04\/6864-int-clematite-sat-rose-clair-ext-clematite-150x150.png 150w, https:\/\/www.dardel.com\/wp-content\/uploads\/2019\/04\/6864-int-clematite-sat-rose-clair-ext-clematite-768x768.png 768w, https:\/\/www.dardel.com\/wp-content\/uploads\/2019\/04\/6864-int-clematite-sat-rose-clair-ext-clematite-64x64.png 64w, https:\/\/www.dardel.com\/wp-content\/uploads\/2019\/04\/6864-int-clematite-sat-rose-clair-ext-clematite-84x84.png 84w, https:\/\/www.dardel.com\/wp-content\/uploads\/2019\/04\/6864-int-clematite-sat-rose-clair-ext-clematite-200x200.png 200w, https:\/\/www.dardel.com\/wp-content\/uploads\/2019\/04\/6864-int-clematite-sat-rose-clair-ext-clematite-450x450.png 450w, https:\/\/www.dardel.com\/wp-content\/uploads\/2019\/04\/6864-int-clematite-sat-rose-clair-ext-clematite-790x790.png 790w, https:\/\/www.dardel.com\/wp-content\/uploads\/2019\/04\/6864-int-clematite-sat-rose-clair-ext-clematite-100x100.png 100w, https:\/\/www.dardel.com\/wp-content\/uploads\/2019\/04\/6864-int-clematite-sat-rose-clair-ext-clematite.png 1000w\" sizes=\"auto, (max-width: 800px) 100vw, 800px\" \/><\/a><div class=\"product-bottom-wrap\"><div class=\"shop-buttons-wrap product-buttons-wrap\" data-tooltip-position=\"top\"><\/div><div class=\"shop-price-rating-wrap\"><\/div><\/div><\/div><\/div><\/div><div class=\"swiper-button-next\"><i class=\"fa-solid fa-chevron-right swiper-next-1\"><\/i><\/div>\n                                        <div class=\"swiper-button-prev\"><i class=\"fa-solid fa-chevron-left swiper-prev-1\"><\/i><\/div><div class=\"swiper-pagination swiper-pagination-1 swiper-pagination-square\"><\/div><\/div><\/div><\/div><\/div><\/div><\/div><\/div><\/div><\/section><div class=\"vc_row-full-width vc_clearfix\"><\/div>\n<\/section>","protected":false},"excerpt":{"rendered":"","protected":false},"author":3,"featured_media":0,"parent":0,"menu_order":0,"comment_status":"closed","ping_status":"closed","template":"","meta":{"footnotes":""},"class_list":["post-313483","page","type-page","status-publish","hentry"],"yoast_head":"<!-- This site is optimized with the Yoast SEO plugin v25.8 - https:\/\/yoast.com\/wordpress\/plugins\/seo\/ -->\n<title>Showroom Packaging de Luxe | Pr\u00e9sentoirs Bijoux | Dardel<\/title>\n<meta name=\"description\" content=\"Retrouvez le sp\u00e9cialiste du packaging de luxe \u00e0 Paris, Dardel. Conception d&#039;\u00e9crins, pr\u00e9sentoirs, pochons, bustes et \u00e9tuis \u00e0 bijoux. Contactez-nous.\" \/>\n<meta name=\"robots\" content=\"index, follow, max-snippet:-1, max-image-preview:large, max-video-preview:-1\" \/>\n<link rel=\"canonical\" href=\"https:\/\/www.dardel.com\/en\/magasin\/\" \/>\n<meta property=\"og:locale\" content=\"en_US\" \/>\n<meta property=\"og:type\" content=\"article\" \/>\n<meta property=\"og:title\" content=\"Showroom Packaging de Luxe | Pr\u00e9sentoirs Bijoux | Dardel\" \/>\n<meta property=\"og:description\" content=\"Retrouvez le sp\u00e9cialiste du packaging de luxe \u00e0 Paris, Dardel. Conception d&#039;\u00e9crins, pr\u00e9sentoirs, pochons, bustes et \u00e9tuis \u00e0 bijoux. Contactez-nous.\" \/>\n<meta property=\"og:url\" content=\"https:\/\/www.dardel.com\/en\/magasin\/\" \/>\n<meta property=\"og:site_name\" content=\"Dardel\" \/>\n<meta property=\"article:modified_time\" content=\"2025-08-09T11:46:43+00:00\" \/>\n<meta name=\"twitter:card\" content=\"summary_large_image\" \/>\n<meta name=\"twitter:label1\" content=\"Est. reading time\" \/>\n\t<meta name=\"twitter:data1\" content=\"7 minutes\" \/>\n<script type=\"application\/ld+json\" class=\"yoast-schema-graph\">{\"@context\":\"https:\/\/schema.org\",\"@graph\":[{\"@type\":\"WebPage\",\"@id\":\"https:\/\/www.dardel.com\/en\/magasin\/\",\"url\":\"https:\/\/www.dardel.com\/en\/magasin\/\",\"name\":\"Showroom Packaging de Luxe | Pr\u00e9sentoirs Bijoux | Dardel\",\"isPartOf\":{\"@id\":\"https:\/\/www.dardel.com\/#website\"},\"datePublished\":\"2020-11-16T21:42:00+00:00\",\"dateModified\":\"2025-08-09T11:46:43+00:00\",\"description\":\"Retrouvez le sp\u00e9cialiste du packaging de luxe \u00e0 Paris, Dardel. Conception d'\u00e9crins, pr\u00e9sentoirs, pochons, bustes et \u00e9tuis \u00e0 bijoux. Contactez-nous.\",\"breadcrumb\":{\"@id\":\"https:\/\/www.dardel.com\/en\/magasin\/#breadcrumb\"},\"inLanguage\":\"en-US\",\"potentialAction\":[{\"@type\":\"ReadAction\",\"target\":[\"https:\/\/www.dardel.com\/en\/magasin\/\"]}]},{\"@type\":\"BreadcrumbList\",\"@id\":\"https:\/\/www.dardel.com\/en\/magasin\/#breadcrumb\",\"itemListElement\":[{\"@type\":\"ListItem\",\"position\":1,\"name\":\"Accueil\",\"item\":\"https:\/\/www.dardel.com\/\"},{\"@type\":\"ListItem\",\"position\":2,\"name\":\"Magasin\"}]},{\"@type\":\"WebSite\",\"@id\":\"https:\/\/www.dardel.com\/#website\",\"url\":\"https:\/\/www.dardel.com\/\",\"name\":\"Dardel\",\"description\":\"Packaging luxe, pr\u00e9sentoir bijoux, bo\u00eete \u00e0 bijoux\",\"potentialAction\":[{\"@type\":\"SearchAction\",\"target\":{\"@type\":\"EntryPoint\",\"urlTemplate\":\"https:\/\/www.dardel.com\/?s={search_term_string}\"},\"query-input\":{\"@type\":\"PropertyValueSpecification\",\"valueRequired\":true,\"valueName\":\"search_term_string\"}}],\"inLanguage\":\"en-US\"}]}<\/script>\n<!-- \/ Yoast SEO plugin. -->","yoast_head_json":{"title":"Showroom Packaging de Luxe | Pr\u00e9sentoirs Bijoux | Dardel","description":"Retrouvez le sp\u00e9cialiste du packaging de luxe \u00e0 Paris, Dardel. Conception d'\u00e9crins, pr\u00e9sentoirs, pochons, bustes et \u00e9tuis \u00e0 bijoux. Contactez-nous.","robots":{"index":"index","follow":"follow","max-snippet":"max-snippet:-1","max-image-preview":"max-image-preview:large","max-video-preview":"max-video-preview:-1"},"canonical":"https:\/\/www.dardel.com\/en\/magasin\/","og_locale":"en_US","og_type":"article","og_title":"Showroom Packaging de Luxe | Pr\u00e9sentoirs Bijoux | Dardel","og_description":"Retrouvez le sp\u00e9cialiste du packaging de luxe \u00e0 Paris, Dardel. Conception d'\u00e9crins, pr\u00e9sentoirs, pochons, bustes et \u00e9tuis \u00e0 bijoux. Contactez-nous.","og_url":"https:\/\/www.dardel.com\/en\/magasin\/","og_site_name":"Dardel","article_modified_time":"2025-08-09T11:46:43+00:00","twitter_card":"summary_large_image","twitter_misc":{"Est. reading time":"7 minutes"},"schema":{"@context":"https:\/\/schema.org","@graph":[{"@type":"WebPage","@id":"https:\/\/www.dardel.com\/en\/magasin\/","url":"https:\/\/www.dardel.com\/en\/magasin\/","name":"Showroom Packaging de Luxe | Pr\u00e9sentoirs Bijoux | Dardel","isPartOf":{"@id":"https:\/\/www.dardel.com\/#website"},"datePublished":"2020-11-16T21:42:00+00:00","dateModified":"2025-08-09T11:46:43+00:00","description":"Retrouvez le sp\u00e9cialiste du packaging de luxe \u00e0 Paris, Dardel. Conception d'\u00e9crins, pr\u00e9sentoirs, pochons, bustes et \u00e9tuis \u00e0 bijoux. Contactez-nous.","breadcrumb":{"@id":"https:\/\/www.dardel.com\/en\/magasin\/#breadcrumb"},"inLanguage":"en-US","potentialAction":[{"@type":"ReadAction","target":["https:\/\/www.dardel.com\/en\/magasin\/"]}]},{"@type":"BreadcrumbList","@id":"https:\/\/www.dardel.com\/en\/magasin\/#breadcrumb","itemListElement":[{"@type":"ListItem","position":1,"name":"Accueil","item":"https:\/\/www.dardel.com\/"},{"@type":"ListItem","position":2,"name":"Magasin"}]},{"@type":"WebSite","@id":"https:\/\/www.dardel.com\/#website","url":"https:\/\/www.dardel.com\/","name":"Dardel","description":"Packaging luxe, pr\u00e9sentoir bijoux, bo\u00eete \u00e0 bijoux","potentialAction":[{"@type":"SearchAction","target":{"@type":"EntryPoint","urlTemplate":"https:\/\/www.dardel.com\/?s={search_term_string}"},"query-input":{"@type":"PropertyValueSpecification","valueRequired":true,"valueName":"search_term_string"}}],"inLanguage":"en-US"}]}},"_links":{"self":[{"href":"https:\/\/www.dardel.com\/en\/wp-json\/wp\/v2\/pages\/313483","targetHints":{"allow":["GET"]}}],"collection":[{"href":"https:\/\/www.dardel.com\/en\/wp-json\/wp\/v2\/pages"}],"about":[{"href":"https:\/\/www.dardel.com\/en\/wp-json\/wp\/v2\/types\/page"}],"author":[{"embeddable":true,"href":"https:\/\/www.dardel.com\/en\/wp-json\/wp\/v2\/users\/3"}],"replies":[{"embeddable":true,"href":"https:\/\/www.dardel.com\/en\/wp-json\/wp\/v2\/comments?post=313483"}],"version-history":[{"count":2,"href":"https:\/\/www.dardel.com\/en\/wp-json\/wp\/v2\/pages\/313483\/revisions"}],"predecessor-version":[{"id":347877,"href":"https:\/\/www.dardel.com\/en\/wp-json\/wp\/v2\/pages\/313483\/revisions\/347877"}],"wp:attachment":[{"href":"https:\/\/www.dardel.com\/en\/wp-json\/wp\/v2\/media?parent=313483"}],"curies":[{"name":"wp","href":"https:\/\/api.w.org\/{rel}","templated":true}]}}