{"id":288362,"date":"2021-02-26T00:38:15","date_gmt":"2021-02-25T23:38:15","guid":{"rendered":"https:\/\/www.dardel.com\/?post_type=product&#038;p=288362"},"modified":"2021-02-28T02:10:57","modified_gmt":"2021-02-28T01:10:57","slug":"presentoir-chaine-medaille","status":"publish","type":"product","link":"https:\/\/www.dardel.com\/en\/catalogue\/presentoirs-et-bustes\/gamme-metallica\/presentoir-chaine-medaille\/","title":{"rendered":"Pr\u00e9sentoir cha\u00eene m\u00e9daille"},"content":{"rendered":"","protected":false},"excerpt":{"rendered":"<p>Texture m\u00e9tallique et v\u00e9ritable daim sur fabrication<\/p>\n<p>Un mix subtil de mati\u00e8res conventionnelles et modernes, avec un large choix de couleurs et de formes conventionnelles.<\/p>\n<p>Des pr\u00e9sentoirs con\u00e7us pour mettre en valeur toutes vos plus belles \u0153uvres et embellir vos vitrines de pr\u00e9sentation.<\/p>\n","protected":false},"featured_media":289769,"template":"","meta":[],"product_cat":[422],"product_tag":[],"class_list":{"0":"post-288362","1":"product","2":"type-product","3":"status-publish","4":"has-post-thumbnail","6":"product_cat-gamme-metallica","8":"first","9":"onbackorder","10":"featured","11":"shipping-taxable","12":"product-type-variable","13":"has-default-attributes","14":"hongo-alternate-image-wrap"},"yoast_head":"<!-- This site is optimized with the Yoast SEO plugin v25.8 - https:\/\/yoast.com\/wordpress\/plugins\/seo\/ -->\n<title>Pr\u00e9sentoir cha\u00eene m\u00e9daille | Packaging de Luxe | Dardel<\/title>\n<meta name=\"description\" content=\"Pr\u00e9sentoir cha\u00eene m\u00e9daille \u00e0 d\u00e9couvir sur Dardel. Fabricant fran\u00e7ais du packaging de luxe.\" \/>\n<meta name=\"robots\" content=\"index, follow, max-snippet:-1, max-image-preview:large, max-video-preview:-1\" \/>\n<link rel=\"canonical\" href=\"https:\/\/www.dardel.com\/catalogue\/presentoirs-et-bustes\/gamme-metallica\/presentoir-chaine-medaille\/\" \/>\n<meta property=\"og:locale\" content=\"en_US\" \/>\n<meta property=\"og:type\" content=\"article\" \/>\n<meta property=\"og:title\" content=\"Pr\u00e9sentoir cha\u00eene m\u00e9daille | Packaging de Luxe | Dardel\" \/>\n<meta property=\"og:description\" content=\"Pr\u00e9sentoir cha\u00eene m\u00e9daille \u00e0 d\u00e9couvir sur Dardel. Fabricant fran\u00e7ais du packaging de luxe.\" \/>\n<meta property=\"og:url\" content=\"https:\/\/www.dardel.com\/catalogue\/presentoirs-et-bustes\/gamme-metallica\/presentoir-chaine-medaille\/\" \/>\n<meta property=\"og:site_name\" content=\"Dardel\" \/>\n<meta property=\"article:modified_time\" content=\"2021-02-28T01:10:57+00:00\" \/>\n<meta property=\"og:image\" content=\"https:\/\/www.dardel.com\/wp-content\/uploads\/2021\/02\/E840ME-int-biche.png\" \/>\n\t<meta property=\"og:image:width\" content=\"1\" \/>\n\t<meta property=\"og:image:height\" content=\"1\" \/>\n\t<meta property=\"og:image:type\" content=\"image\/png\" \/>\n<meta name=\"twitter:card\" content=\"summary_large_image\" \/>\n<script type=\"application\/ld+json\" class=\"yoast-schema-graph\">{\"@context\":\"https:\/\/schema.org\",\"@graph\":[{\"@type\":\"WebPage\",\"@id\":\"https:\/\/www.dardel.com\/catalogue\/presentoirs-et-bustes\/gamme-metallica\/presentoir-chaine-medaille\/\",\"url\":\"https:\/\/www.dardel.com\/catalogue\/presentoirs-et-bustes\/gamme-metallica\/presentoir-chaine-medaille\/\",\"name\":\"Pr\u00e9sentoir cha\u00eene m\u00e9daille | Packaging de Luxe | Dardel\",\"isPartOf\":{\"@id\":\"https:\/\/www.dardel.com\/#website\"},\"primaryImageOfPage\":{\"@id\":\"https:\/\/www.dardel.com\/catalogue\/presentoirs-et-bustes\/gamme-metallica\/presentoir-chaine-medaille\/#primaryimage\"},\"image\":{\"@id\":\"https:\/\/www.dardel.com\/catalogue\/presentoirs-et-bustes\/gamme-metallica\/presentoir-chaine-medaille\/#primaryimage\"},\"thumbnailUrl\":\"https:\/\/www.dardel.com\/wp-content\/uploads\/2021\/02\/E840ME-int-biche.png\",\"datePublished\":\"2021-02-25T23:38:15+00:00\",\"dateModified\":\"2021-02-28T01:10:57+00:00\",\"description\":\"Pr\u00e9sentoir cha\u00eene m\u00e9daille \u00e0 d\u00e9couvir sur Dardel. Fabricant fran\u00e7ais du packaging de luxe.\",\"breadcrumb\":{\"@id\":\"https:\/\/www.dardel.com\/catalogue\/presentoirs-et-bustes\/gamme-metallica\/presentoir-chaine-medaille\/#breadcrumb\"},\"inLanguage\":\"en-US\",\"potentialAction\":[{\"@type\":\"ReadAction\",\"target\":[\"https:\/\/www.dardel.com\/catalogue\/presentoirs-et-bustes\/gamme-metallica\/presentoir-chaine-medaille\/\"]}]},{\"@type\":\"ImageObject\",\"inLanguage\":\"en-US\",\"@id\":\"https:\/\/www.dardel.com\/catalogue\/presentoirs-et-bustes\/gamme-metallica\/presentoir-chaine-medaille\/#primaryimage\",\"url\":\"https:\/\/www.dardel.com\/wp-content\/uploads\/2021\/02\/E840ME-int-biche.png\",\"contentUrl\":\"https:\/\/www.dardel.com\/wp-content\/uploads\/2021\/02\/E840ME-int-biche.png\"},{\"@type\":\"BreadcrumbList\",\"@id\":\"https:\/\/www.dardel.com\/catalogue\/presentoirs-et-bustes\/gamme-metallica\/presentoir-chaine-medaille\/#breadcrumb\",\"itemListElement\":[{\"@type\":\"ListItem\",\"position\":1,\"name\":\"Accueil\",\"item\":\"https:\/\/www.dardel.com\/\"},{\"@type\":\"ListItem\",\"position\":2,\"name\":\"Catalogue\",\"item\":\"https:\/\/www.dardel.com\/catalogue\/\"},{\"@type\":\"ListItem\",\"position\":3,\"name\":\"Pr\u00e9sentoir cha\u00eene m\u00e9daille\"}]},{\"@type\":\"WebSite\",\"@id\":\"https:\/\/www.dardel.com\/#website\",\"url\":\"https:\/\/www.dardel.com\/\",\"name\":\"Dardel\",\"description\":\"Packaging luxe, pr\u00e9sentoir bijoux, bo\u00eete \u00e0 bijoux\",\"potentialAction\":[{\"@type\":\"SearchAction\",\"target\":{\"@type\":\"EntryPoint\",\"urlTemplate\":\"https:\/\/www.dardel.com\/?s={search_term_string}\"},\"query-input\":{\"@type\":\"PropertyValueSpecification\",\"valueRequired\":true,\"valueName\":\"search_term_string\"}}],\"inLanguage\":\"en-US\"}]}<\/script>\n<!-- \/ Yoast SEO plugin. -->","yoast_head_json":{"title":"Pr\u00e9sentoir cha\u00eene m\u00e9daille | Packaging de Luxe | Dardel","description":"Pr\u00e9sentoir cha\u00eene m\u00e9daille \u00e0 d\u00e9couvir sur Dardel. Fabricant fran\u00e7ais du packaging de luxe.","robots":{"index":"index","follow":"follow","max-snippet":"max-snippet:-1","max-image-preview":"max-image-preview:large","max-video-preview":"max-video-preview:-1"},"canonical":"https:\/\/www.dardel.com\/catalogue\/presentoirs-et-bustes\/gamme-metallica\/presentoir-chaine-medaille\/","og_locale":"en_US","og_type":"article","og_title":"Pr\u00e9sentoir cha\u00eene m\u00e9daille | Packaging de Luxe | Dardel","og_description":"Pr\u00e9sentoir cha\u00eene m\u00e9daille \u00e0 d\u00e9couvir sur Dardel. Fabricant fran\u00e7ais du packaging de luxe.","og_url":"https:\/\/www.dardel.com\/catalogue\/presentoirs-et-bustes\/gamme-metallica\/presentoir-chaine-medaille\/","og_site_name":"Dardel","article_modified_time":"2021-02-28T01:10:57+00:00","og_image":[{"url":"https:\/\/www.dardel.com\/wp-content\/uploads\/2021\/02\/E840ME-int-biche.png","width":1,"height":1,"type":"image\/png"}],"twitter_card":"summary_large_image","schema":{"@context":"https:\/\/schema.org","@graph":[{"@type":"WebPage","@id":"https:\/\/www.dardel.com\/catalogue\/presentoirs-et-bustes\/gamme-metallica\/presentoir-chaine-medaille\/","url":"https:\/\/www.dardel.com\/catalogue\/presentoirs-et-bustes\/gamme-metallica\/presentoir-chaine-medaille\/","name":"Pr\u00e9sentoir cha\u00eene m\u00e9daille | Packaging de Luxe | Dardel","isPartOf":{"@id":"https:\/\/www.dardel.com\/#website"},"primaryImageOfPage":{"@id":"https:\/\/www.dardel.com\/catalogue\/presentoirs-et-bustes\/gamme-metallica\/presentoir-chaine-medaille\/#primaryimage"},"image":{"@id":"https:\/\/www.dardel.com\/catalogue\/presentoirs-et-bustes\/gamme-metallica\/presentoir-chaine-medaille\/#primaryimage"},"thumbnailUrl":"https:\/\/www.dardel.com\/wp-content\/uploads\/2021\/02\/E840ME-int-biche.png","datePublished":"2021-02-25T23:38:15+00:00","dateModified":"2021-02-28T01:10:57+00:00","description":"Pr\u00e9sentoir cha\u00eene m\u00e9daille \u00e0 d\u00e9couvir sur Dardel. Fabricant fran\u00e7ais du packaging de luxe.","breadcrumb":{"@id":"https:\/\/www.dardel.com\/catalogue\/presentoirs-et-bustes\/gamme-metallica\/presentoir-chaine-medaille\/#breadcrumb"},"inLanguage":"en-US","potentialAction":[{"@type":"ReadAction","target":["https:\/\/www.dardel.com\/catalogue\/presentoirs-et-bustes\/gamme-metallica\/presentoir-chaine-medaille\/"]}]},{"@type":"ImageObject","inLanguage":"en-US","@id":"https:\/\/www.dardel.com\/catalogue\/presentoirs-et-bustes\/gamme-metallica\/presentoir-chaine-medaille\/#primaryimage","url":"https:\/\/www.dardel.com\/wp-content\/uploads\/2021\/02\/E840ME-int-biche.png","contentUrl":"https:\/\/www.dardel.com\/wp-content\/uploads\/2021\/02\/E840ME-int-biche.png"},{"@type":"BreadcrumbList","@id":"https:\/\/www.dardel.com\/catalogue\/presentoirs-et-bustes\/gamme-metallica\/presentoir-chaine-medaille\/#breadcrumb","itemListElement":[{"@type":"ListItem","position":1,"name":"Accueil","item":"https:\/\/www.dardel.com\/"},{"@type":"ListItem","position":2,"name":"Catalogue","item":"https:\/\/www.dardel.com\/catalogue\/"},{"@type":"ListItem","position":3,"name":"Pr\u00e9sentoir cha\u00eene m\u00e9daille"}]},{"@type":"WebSite","@id":"https:\/\/www.dardel.com\/#website","url":"https:\/\/www.dardel.com\/","name":"Dardel","description":"Packaging luxe, pr\u00e9sentoir bijoux, bo\u00eete \u00e0 bijoux","potentialAction":[{"@type":"SearchAction","target":{"@type":"EntryPoint","urlTemplate":"https:\/\/www.dardel.com\/?s={search_term_string}"},"query-input":{"@type":"PropertyValueSpecification","valueRequired":true,"valueName":"search_term_string"}}],"inLanguage":"en-US"}]}},"_links":{"self":[{"href":"https:\/\/www.dardel.com\/en\/wp-json\/wp\/v2\/product\/288362","targetHints":{"allow":["GET"]}}],"collection":[{"href":"https:\/\/www.dardel.com\/en\/wp-json\/wp\/v2\/product"}],"about":[{"href":"https:\/\/www.dardel.com\/en\/wp-json\/wp\/v2\/types\/product"}],"wp:featuredmedia":[{"embeddable":true,"href":"https:\/\/www.dardel.com\/en\/wp-json\/wp\/v2\/media\/289769"}],"wp:attachment":[{"href":"https:\/\/www.dardel.com\/en\/wp-json\/wp\/v2\/media?parent=288362"}],"wp:term":[{"taxonomy":"product_cat","embeddable":true,"href":"https:\/\/www.dardel.com\/en\/wp-json\/wp\/v2\/product_cat?post=288362"},{"taxonomy":"product_tag","embeddable":true,"href":"https:\/\/www.dardel.com\/en\/wp-json\/wp\/v2\/product_tag?post=288362"}],"curies":[{"name":"wp","href":"https:\/\/api.w.org\/{rel}","templated":true}]}}